{"id":149,"date":"2021-10-07T13:53:19","date_gmt":"2021-10-07T10:53:19","guid":{"rendered":"https:\/\/svt.ro\/t-sense\/?page_id=149"},"modified":"2021-10-08T16:22:52","modified_gmt":"2021-10-08T13:22:52","slug":"felhasznalasi-feltetelek","status":"publish","type":"page","link":"https:\/\/svt.ro\/t-sense\/hu\/felhasznalasi-feltetelek\/","title":{"rendered":"Felhaszn\u00e1l\u00e1si felt\u00e9telek"},"content":{"rendered":"<h4>I. SZERZ\u0150D\u0150 FELEK<\/h4>\n<p>1.1. A Maros megyei b\u00edr\u00f3s\u00e1ghoz csatolt Kereskedelmi Nyilv\u00e1ntart\u00e1si Hivataln\u00e1l a J26\/1053\/2006 alatt RO18813138-as Egy\u00e9ni Regisztr\u00e1ci\u00f3s K\u00f3ddal jegyzett Cloud Monitoring Services Kft., marosv\u00e1s\u00e1rhelyi sz\u00e9khellyel, a Remete utca 110\/bis sz\u00e1m, Maros megye c\u00edmen; \u00e9s Marosv\u00e1s\u00e1rhely, Maros megye, Br\u0103ila utca 7. sz\u00e1m alatti munkav\u00e9gz\u00e9si ponttal, amelynek jogi k\u00e9pvisel\u0151je Sajg\u00f3 Tibor vez\u00e9rigazgat\u00f3, mint Szolg\u00e1ltat\u00f3,<\/p>\n<h4><\/h4>\n<p>\u00e9s<\/p>\n<h4><\/h4>\n<p>1.2. Az \u00dcgyf\u00e9l, a\u00a0<a href=\"https:\/\/svt.ro\/t-sense\/hu\/\">TSense<\/a>\u00a0online Platform-on\u00a0 bejegyzett azonos\u00edt\u00f3 adataival,<\/p>\n<h4><\/h4>\n<p>meg\u00e1llapodtak az al\u00e1bbi z\u00e1rad\u00e9kokr\u00f3l:<\/p>\n<h4><\/h4>\n<p>PREAMBULUM<\/p>\n<h4><\/h4>\n<p>Figyelembe v\u00e9ve, hogy a Szolg\u00e1ltat\u00f3 a <a href=\"https:\/\/svt.ro\/t-sense\/hu\/\">TSense<\/a> Port\u00e1l \u00e9s az abban foglalt valamennyi funkci\u00f3 \u00e9s szolg\u00e1ltat\u00e1s tulajdonosa \u00e9s fejleszt\u0151je;<\/p>\n<h4><\/h4>\n<p>Figyelembe v\u00e9ve, hogy a <a href=\"https:\/\/svt.ro\/t-sense\/hu\/\">TSense<\/a> Port\u00e1l-on l\u00e9trehozott fi\u00f3k \u00e1ltal az \u00dcgyf\u00e9l a jelenlegi meg\u00e1llapod\u00e1s felt\u00e9telei alapj\u00e1n \u00e9lvezheti a Port\u00e1l-on kereszt\u00fcl el\u00e9rhet\u0151 szolg\u00e1ltat\u00e1sokat;<\/p>\n<h4><\/h4>\n<p>Figyelembe v\u00e9ve az elektronikus \u00faton t\u00f6rt\u00e9n\u0151 keresked\u00e9sr\u0151l sz\u00f3l\u00f3 365\/2002-es sz\u00e1m\u00fa t\u00f6rv\u00e9ny 9. cikk\u00e9nek rendelkez\u00e9seit;<\/p>\n<h4><\/h4>\n<p>Figyelembe v\u00e9ve, hogy az elektronikus al\u00e1\u00edr\u00e1sr\u00f3l sz\u00f3l\u00f3 455\/2011-es t\u00f6rv\u00e9ny 4. cikk\u00e9nek 3. szakasz\u00e1nak rendelkez\u00e9sei alapj\u00e1n, a jelen felt\u00e9teleknek a Port\u00e1l-on az erre vonatkoz\u00f3 n\u00e9gyzet bejel\u00f6l\u00e9s\u00e9vel t\u00f6rt\u00e9n\u0151 \u00e9s a fi\u00f3k l\u00e9trehoz\u00e1s\u00e1val egyidej\u0171 elfogad\u00e1sa elektronikus al\u00e1\u00edr\u00e1st k\u00e9pez, amely a k\u00e9z\u00edr\u00e1sos al\u00e1\u00edr\u00e1ssal egyenrang\u00fa, ak\u00e1rcsak a felt\u00e9telek elfogad\u00e1s\u00e1nak a fi\u00f3k regisztr\u00e1l\u00e1sa alkalm\u00e1b\u00f3l megadott e-mail-en kereszt\u00fcli meger\u0151s\u00edt\u00e9se;<\/p>\n<h4><\/h4>\n<h4>II. MEGHAT\u00c1ROZ\u00c1SOK<\/h4>\n<p>\u00dcgyf\u00e9l \u2013 a <a href=\"https:\/\/svt.ro\/t-sense\/hu\/\">TSense<\/a> platformot haszn\u00e1l\u00f3 entit\u00e1s, a fi\u00f3k regisztr\u00e1l\u00e1sa alkalm\u00e1b\u00f3l megadott azonos\u00edt\u00f3 adatokkal;<\/p>\n<p>Platform \u2013 a <a href=\"https:\/\/svt.ro\/t-sense\/hu\/\">TSense<\/a> honlap, aldomainjeivel, a t-sense platform\/alkalmaz\u00e1s minden \u00e9lvezhet\u0151 funkci\u00f3j\u00e1val, ide\u00e9rtve a <a href=\"https:\/\/svt.ro\/t-sense\/hu\/\">TSense<\/a> \u00e9s ennek \u00f6sszes aldomainjai \u00e1ltal ny\u00fajtott funkci\u00f3kat;<\/p>\n<p>Szolg\u00e1ltat\u00e1s, szolg\u00e1ltat\u00e1sok \u2013 a Szolg\u00e1ltat\u00f3 \u00e1ltal a <a href=\"https:\/\/svt.ro\/t-sense\/hu\/\">TSense<\/a> platform-on\u00a0 ny\u00fajtott \u00f6sszes szolg\u00e1ltat\u00e1s, ahogyan nyilv\u00e1nosan meghat\u00e1rozza ezeket a <a href=\"https:\/\/svt.ro\/t-sense\/hu\/\">TSense<\/a> honlap;<\/p>\n<p>B\u00e9rlet \u2013 az \u00dcgyf\u00e9l \u00e1ltal fizetett d\u00edj, a <a href=\"https:\/\/svt.ro\/t-sense\/hu\/\">TSense<\/a> honlapon jelzett d\u00edjcsomagok alapj\u00e1n. A b\u00e9rlet \u00e9rv\u00e9nyess\u00e9gi id\u0151szak\u00e1val egyenrang\u00fa az az id\u0151szak is amikor az \u00dcgyf\u00e9l\u00a0 kedvezm\u00e9nyes k\u00f3d\/ utalv\u00e1ny alapj\u00e1n ingyenesen haszn\u00e1lja a <a href=\"https:\/\/svt.ro\/t-sense\/hu\/\">TSense<\/a> szolg\u00e1ltat\u00e1sait;<\/p>\n<p>Bizalmas inform\u00e1ci\u00f3k \u2013 mindazok a jelen szerz\u0151d\u00e9s felei k\u00f6z\u00f6tt kicser\u00e9lt adatok, ak\u00e1r sz\u00f3ban ak\u00e1r \u00edr\u00e1sban lettek k\u00f6z\u00f6lve vagy amennyiben a <a href=\"https:\/\/svt.ro\/t-sense\/hu\/\">TSense<\/a>\u00a0honlap haszn\u00e1lata keret\u00e9ben el\u00e9rhet\u0151ek \u00e9s bizalmas jelleg\u00fck van;<\/p>\n<p>Pr\u00f3baid\u0151 \u2013 az a 30 (harminc) napt\u00e1ri napig tart\u00f3 id\u0151szak, amely az \u00dcgyf\u00e9l \u00e1ltali saj\u00e1t fi\u00f3kl\u00e9trehoz\u00e1st k\u00f6veti a <a href=\"https:\/\/svt.ro\/t-sense\/hu\/\">TSense<\/a>-on, vagy egy \u00fajabb, addig nem fizetett modul aktiv\u00e1l\u00e1s\u00e1t k\u00f6vet\u0151 id\u0151szak. Ebben a peri\u00f3dusban az \u00dcgyf\u00e9lnek nem kell b\u00e9rleti d\u00edjat fizetnie a Szolg\u00e1ltat\u00f3 r\u00e9sz\u00e9re. A pr\u00f3baid\u0151 alatt viszont az \u00dcgyf\u00e9lnek a szerz\u0151d\u00e9sb\u0151l sz\u00e1rmaz\u00f3 tov\u00e1bbi k\u00f6telezetts\u00e9gei \u00e9rv\u00e9nyesek;<\/p>\n<p>Felhaszn\u00e1l\u00f3 \u2013 b\u00e1rmely olyan szem\u00e9ly vagy entit\u00e1s, amely felhatalmaz\u00e1s alapj\u00e1n \u00e9s az \u00dcgyf\u00e9l nev\u00e9ben haszn\u00e1lja a Szolg\u00e1ltat\u00f3 \u00e1ltal a <a href=\"https:\/\/svt.ro\/t-sense\/hu\/\">TSense<\/a>&#8211; on kereszt\u00fcl ny\u00fajtott szolg\u00e1ltat\u00e1sokat. Az \u00fcgyf\u00e9l \u00f6nmaga is felhaszn\u00e1l\u00f3;<\/p>\n<p>Felhaszn\u00e1l\u00f3i n\u00e9v \u00e9s jelsz\u00f3 \u2013 a felhaszn\u00e1l\u00f3 bejelentkez\u00e9s\u00e9hez sz\u00fcks\u00e9ges adatok, a Szolg\u00e1ltat\u00f3 \u00e1ltal a <a href=\"https:\/\/svt.ro\/t-sense\/hu\/\">TSense<\/a>\u00a0platform-on ny\u00fajtott szolg\u00e1ltat\u00e1s haszn\u00e1lata \u00e9rdek\u00e9ben;<\/p>\n<p>Kapcsolattart\u00f3 adatok \u2013 a Szolg\u00e1ltat\u00f3, az \u00dcgyf\u00e9l \u00e9s a felhaszn\u00e1l\u00f3 kapcsolattart\u00f3 adatai, amelyek a <a href=\"https:\/\/svt.ro\/t-sense\/hu\/\">TSense<\/a>-n tev\u0151dtek k\u00f6zz\u00e9. Amennyiben az adatok m\u00f3dosulnak, az \u00dcgyf\u00e9l \u00e9s a felhaszn\u00e1l\u00f3 k\u00f6zvetlen\u00fcl felelnek ezek \u00e9rv\u00e9nyess\u00e9g\u00e9\u00e9rt \u00e9s friss\u00edt\u00e9s\u00e9\u00e9rt a <a href=\"https:\/\/svt.ro\/t-sense\/hu\/\">TSense<\/a> platform-on ;<\/p>\n<h4>III. A SZERZ\u0150D\u00c9S T\u00c1RGYA<\/h4>\n<p>3.1. A jelen szolg\u00e1ltat\u00e1si szerz\u0151d\u00e9s t\u00e1rgy\u00e1t az online munkaid\u0151m\u00e9r\u0151 rendszer haszn\u00e1lati jog\u00e1nak biztos\u00edt\u00e1sa k\u00e9pezi az \u00dcgyf\u00e9l r\u00e9sz\u00e9re, a Szolg\u00e1ltat\u00f3 \u00e1ltal, a Platform-on kereszt\u00fcl, a haszn\u00e1lt szolg\u00e1ltat\u00e1sok\u00e9rt a jelen szerz\u0151d\u00e9sben r\u00f6gz\u00edtett felt\u00e9telek \u00e9rtelm\u00e9ben ny\u00fajtott anyagi t\u00e9r\u00edt\u00e9s ellen\u00e9ben.<\/p>\n<h4><\/h4>\n<p>3.2. Az \u00dcgyf\u00e9l \u00e1ltali fi\u00f3k megnyit\u00e1s megegyezik a jelen z\u00e1rlatok felt\u00e9tel n\u00e9lk\u00fcli elfogad\u00e1s\u00e1val.<\/p>\n<h4><\/h4>\n<p>3.3. Az \u00dcgyf\u00e9l a jelen szerz\u0151d\u00e9st a \u201eTudom\u00e1sul vettem a T-Sense platfom felhaszn\u00e1l\u00e1si felt\u00e9teleit.\u201d n\u00e9gyzet bejel\u00f6l\u00e9s\u00e9vel fogadja el. Az elfogad\u00e1st a t-sense fi\u00f3kba t\u00f6rt\u00e9n\u0151 bel\u00e9p\u00e9s alkalm\u00e1b\u00f3l haszn\u00e1lt felhaszn\u00e1l\u00f3i n\u00e9v \u00e9s jelsz\u00f3 alkalmaz\u00e1sa er\u0151s\u00edti meg.<\/p>\n<h4><\/h4>\n<p>3.4. A Szolg\u00e1ltat\u00f3, Platform k\u00e9sz\u00edt\u0151\/ tulajdonos\/ rendszergazda b\u00e1rmikor megv\u00e1ltoztathatja a Platform tartalm\u00e1t, valamint a Felt\u00e9teleket \u00e9s az adatv\u00e9delmi ir\u00e1nyelveket. A Szolg\u00e1ltat\u00f3 minden esetben t\u00e1j\u00e9koztatja az \u00dcgyfeleket ezekr\u0151l a m\u00f3dosul\u00e1sokr\u00f3l, amikor ezek felmer\u00fclnek. Az inform\u00e1ci\u00f3 ny\u00fajt\u00e1s e-mail-en vagy a Platform-on\u00a0 kereszt\u00fcl t\u00f6rt\u00e9nik. A tudom\u00e1sulv\u00e9tel \u00e9s az elfogad\u00e1s az \u00dcgyf\u00e9l kiz\u00e1r\u00f3lagos k\u00f6teless\u00e9ge.<\/p>\n<h4><\/h4>\n<p>3.5. Az \u00faj Felt\u00e9telek, d\u00edjak vagy m\u00e1s m\u00f3dosul\u00e1sok k\u00f6zl\u00e9s\u00e9t\u0151l vagy k\u00f6zz\u00e9 t\u00e9tel\u00e9t\u0151l sz\u00e1m\u00edtott 10 (t\u00edz) napt\u00e1ri napon bel\u00fcl fogalmazhat meg az \u00dcgyf\u00e9l a m\u00f3dos\u00edt\u00e1sokra vonatkoz\u00f3 ellenvet\u00e9seket. Amennyiben az \u00dcgyf\u00e9l nem fogalmaz meg ez ir\u00e1nyban ellenvet\u00e9st, a m\u00f3dos\u00edt\u00e1sokat \u00e9rv\u00e9nyesnek \u00e9s elfogadottnak tekintj\u00fck.<\/p>\n<h4><\/h4>\n<p>3.6. Az egyes \u00dcgyfelekre a Platform-on t\u00f6rt\u00e9n\u0151 fi\u00f3knyit\u00e1s id\u0151pontj\u00e1ban a Felt\u00e9telek \u00e9rv\u00e9nyben lev\u0151 v\u00e1ltozata \u00e9rv\u00e9nyes.<\/p>\n<h4><\/h4>\n<h4>IV. A SZERZ\u0150D\u00c9S ID\u0150TARTAMA<\/h4>\n<p>A szerz\u0151d\u00e9st meghat\u00e1rozott id\u0151tartamra k\u00f6tj\u00fck, amely megegyezik a Szolg\u00e1ltat\u00f3 \u00e1ltal ny\u00fajtott szolg\u00e1ltat\u00e1sok haszn\u00e1lat\u00e1nak b\u00e9rleti id\u0151tartam\u00e1val, \u00e9s a Platform-on t\u00f6rt\u00e9n\u0151 \u00dcgyf\u00e9l ir\u00e1nti fi\u00f3knyit\u00e1ssal egyidej\u0171en l\u00e9p \u00e9rv\u00e9nybe.<\/p>\n<h4><\/h4>\n<h4>V. A SZERZ\u0150DES \u00c9RT\u00c9KE. FIZET\u00c9SI FELT\u00c9TELEK<\/h4>\n<p>5.1. A szolg\u00e1ltat\u00e1sok \u00e1r\u00e1t a pr\u00f3baid\u0151 ut\u00e1n az \u00dcgyf\u00e9l \u00e1ltal v\u00e1lasztott d\u00edjcsomag f\u00fcggv\u00e9ny\u00e9ben \u00e1llap\u00edtjuk meg.<\/p>\n<h4><\/h4>\n<p>5.2. A szolg\u00e1ltat\u00e1sok haszn\u00e1lat\u00e1t biztos\u00edt\u00f3 d\u00edjcsomag a k\u00f6vetkez\u0151:<\/p>\n<h4><\/h4>\n<p>1 EUR\/h\u00f3nap\/alkalmazott;<\/p>\n<p>6 h\u00f3napos el\u0151zetes el\u0151fizet\u00e9s eset\u00e9ben \u2026. EUR\/h\u00f3nap\/alkalmazott kedvezm\u00e9nyt biztos\u00edtunk;<\/p>\n<p>12 h\u00f3napos el\u0151zetes el\u0151fizet\u00e9s eset\u00e9ben \u2026. EUR\/h\u00f3nap\/alkalmazott kedvezm\u00e9nyt biztos\u00edtunk;<\/p>\n<p>Az fenti \u00e1rak nem tartalmazz\u00e1k az \u00c1F\u00c1-t.<\/p>\n<h4><\/h4>\n<p>5.3. A szolg\u00e1ltat\u00e1sok ellen\u00e9rt\u00e9k\u00e9t a szolg\u00e1ltat\u00e1s megv\u00e1s\u00e1rl\u00e1si peri\u00f3dus\u00e1nak kezdet\u00e9n kell t\u00e9r\u00edteni \u00e9s a szolg\u00e1ltat\u00e1sok a kifizetett id\u0151szak v\u00e9g\u00e9ig \u00e1llnak az \u00dcgyf\u00e9l rendelkez\u00e9s\u00e9re.<\/p>\n<h4><\/h4>\n<p>5.4. Az \u00dcgyf\u00e9l meghosszabb\u00edthatja a szolg\u00e1ltat\u00e1sok haszn\u00e1lati idej\u00e9t egy az 5.2. cikkben jelzett d\u00edjcsomag alapj\u00e1n t\u00f6rt\u00e9n\u0151 \u00fajabb befizet\u00e9s \u00e1ltal.<\/p>\n<h4><\/h4>\n<p>5.5. A legr\u00f6videbb szerz\u0151d\u00e9si hat\u00e1rid\u0151 egy h\u00f3nap. A sz\u00e1ml\u00e1t az adott h\u00f3nap 1.-\u00e9n bocs\u00e1jtjuk ki a foly\u00f3 h\u00f3napra vonatkoz\u00f3an \u00e9s a sz\u00e1mla \u00e9rt\u00e9k\u00e9t az el\u0151z\u0151 h\u00f3nap utols\u00f3 napj\u00e1n a rendszerben tal\u00e1lhat\u00f3 alkalmazottak sz\u00e1ma alapj\u00e1n sz\u00e1m\u00edtjuk.<\/p>\n<h4><\/h4>\n<p>5.6. A Szolg\u00e1ltat\u00f3 k\u00f6teles az \u00dcgyfelet legal\u00e1bb 3 napt\u00e1ri nappal a kifizetett szolg\u00e1ltat\u00e1si id\u0151 lej\u00e1rata el\u0151tt t\u00e1j\u00e9koztatni. Ebben az id\u0151szakban, amely a t\u00e1j\u00e9koztat\u00e1s napj\u00e1t\u00f3l a m\u00e1r kifizetett szolg\u00e1ltat\u00e1s lej\u00e1rati d\u00e1tum\u00e1ig tart, az \u00dcgyf\u00e9l \u00fajabb befizet\u00e9st eszk\u00f6z\u00f6lhet a k\u00f6vetkez\u0151 peri\u00f3dusra a Szolg\u00e1ltat\u00f3 \u00e1ltal a <a href=\"https:\/\/svt.ro\/t-sense\/hu\/\">TSense<\/a>-n ny\u00fajtott szolg\u00e1ltat\u00e1sok megv\u00e1s\u00e1rl\u00e1sa \u00e9rdek\u00e9ben, a befizet\u00e9s id\u0151pontj\u00e1ban \u00e9rv\u00e9nyes d\u00edjcsomag alapj\u00e1n.<\/p>\n<h4><\/h4>\n<p>5.7. A szolg\u00e1ltat\u00e1sok kifizet\u00e9se utalv\u00e1ny form\u00e1j\u00e1ban t\u00f6rt\u00e9nik.<\/p>\n<h4><\/h4>\n<p>5.8. A Szolg\u00e1ltat\u00f3 az \u00dcgyf\u00e9l rendelkez\u00e9s\u00e9re bocs\u00e1jthat kedvezm\u00e9nyeket, \u00e1rcs\u00f6kkent\u00e9seket, akci\u00f3kat, utalv\u00e1nyk\u00f3dokon kereszt\u00fcl, amelyeket az \u00dcgyf\u00e9l felhaszn\u00e1lhat ezek egyidej\u0171en k\u00f6zz\u00e9tett felhaszn\u00e1l\u00e1si felt\u00e9telei alapj\u00e1n. Az \u00dcgyf\u00e9l nem haszn\u00e1lhat fel t\u00f6bbsz\u00f6r egy adott utalv\u00e1nyk\u00f3dot. Az \u00dcgyf\u00e9l nem haszn\u00e1lhat t\u00f6bb utalv\u00e1nyk\u00f3dot egyidej\u0171leg \u00e9s\/ vagy egym\u00e1st k\u00f6vet\u0151en.<\/p>\n<h4><\/h4>\n<p>5.9. A Szolg\u00e1ltat\u00f3nak jog\u00e1ban \u00e1ll a Platform b\u00e9rleteire alkalmazott d\u00edjakat egyoldal\u00faan megv\u00e1ltoztatni.<\/p>\n<h4><\/h4>\n<p>5.10. B\u00e1rmely, a d\u00edjakat vagy a szolg\u00e1ltat\u00e1sok el\u00e9rhet\u00e9s\u00e9t \u00e9rint\u0151 m\u00f3dos\u00edt\u00e1st az \u00dcgyf\u00e9l \u00e1ltal a fi\u00f3k l\u00e9trehoz\u00e1sakor megadott e-mail c\u00edmen legal\u00e1bb 30 nappal a v\u00e1ltoz\u00e1s bek\u00f6vetkez\u00e9se el\u0151tt k\u00f6z\u00f6lni kell.\u00a0 Az alkalmaz\u00e1s karbantart\u00e1s\u00e1r\u00f3l az alkalmaz\u00e1son kereszt\u00fcl vagy e-mail-en kereszt\u00fcl t\u00e1j\u00e9koztatunk.<\/p>\n<h4><\/h4>\n<h4>VI. A PLATFORM HASZN\u00c1LAT\u00c1RA VONATKOZ\u00d3 K\u00dcL\u00d6NLEGES K\u00d6VETELM\u00c9NYEK<\/h4>\n<p>6.1. A Platform-on t\u00f6rt\u00e9n\u0151 regisztr\u00e1l\u00e1s ingyenes. A Port\u00e1lhoz tartoz\u00f3, adott funkci\u00f3khoz val\u00f3 hozz\u00e1f\u00e9r\u00e9s csak azoknak az \u00dcgyfeleknek a r\u00e9sz\u00e9re biztos\u00edtott, akik ingyenesen ki szeretn\u00e9k pr\u00f3b\u00e1lni az alkalmaz\u00e1st vagy akik a havi b\u00e9rlet ir\u00e1ny\u00e1ban d\u00f6nt\u00f6ttek.<\/p>\n<h4><\/h4>\n<p>6.2. Annak ellen\u00e9re, hogy a Szolg\u00e1ltat\u00f3 mindent t\u0151le telhet\u0151t megtesz, nem \u00e1ll lehet\u0151s\u00e9g\u00e9ben az \u00dcgyf\u00e9l \u00e1ltal tov\u00e1bb\u00edtott inform\u00e1ci\u00f3 biztons\u00e1g\u00e1\u00e9rt felelni, ezt garant\u00e1lni, ez\u00e9rt mentes\u00fcl az \u00dcgyf\u00e9lnek okozott b\u00e1rmif\u00e9le k\u00e1rok\u00e9rt tartoz\u00f3 ellenfizet\u00e9st\u0151l.<\/p>\n<h4><\/h4>\n<p>6.3. A Platform nyilv\u00e1noss\u00e1gt\u00f3l z\u00e1rt elemeihez val\u00f3 jogtalan hozz\u00e1f\u00e9r\u00e9s, vagy enged\u00e9ly n\u00e9lk\u00fcli szem\u00e9lyek \u00e1ltal t\u00f6rt\u00e9n\u0151 hozz\u00e1f\u00e9r\u00e9s a Szolg\u00e1ltat\u00f3 \u00e1ltal t\u00e1rolt fi\u00f3khoz a sz\u00e1m\u00edt\u00f3g\u00e9pes rendszerhez val\u00f3 jog n\u00e9lk\u00fcli hozz\u00e1f\u00e9r\u00e9s b\u0171ncselekm\u00e9ny\u00e9t k\u00e9pviseli, \u00e9s a hat\u00e1lyos rom\u00e1n jogszab\u00e1lyok szerint b\u00fcntetett.<\/p>\n<h4><\/h4>\n<p>6.4. A jelen szerz\u0151d\u00e9s felt\u00e9telei keret\u00e9ben a Platform-on kereszt\u00fcl biztos\u00edtja a Szolg\u00e1ltat\u00f3 az \u00dcgyf\u00e9l sz\u00e1m\u00e1ra, ig\u00e9nyeinek megfelel\u0151en, a szolg\u00e1ltat\u00e1sok haszn\u00e1lati jog\u00e1t.<\/p>\n<h4><\/h4>\n<p>6.5. A Szolg\u00e1ltat\u00f3 \u00e1ltal az \u00dcgyf\u00e9l r\u00e9sz\u00e9re biztos\u00edtott haszn\u00e1lati jog kiz\u00e1r\u00f3lagosan az adott \u00dcgyf\u00e9lre sz\u00f3l, nem \u00e1truh\u00e1zhat\u00f3 \u00e9s teljes m\u00e9rt\u00e9kben e szerz\u0151d\u00e9s hat\u00e1lya al\u00e1 tartozik.<\/p>\n<h4><\/h4>\n<p>6.6. Az \u00dcgyf\u00e9l \u00e1ltal felt\u00f6lt\u00f6tt tartalmakat a Platform gazdak\u00e9nt kezeli, az elektronikus keresked\u00e9sr\u0151l sz\u00f3l\u00f3 365\/2002-es t\u00f6rv\u00e9ny felt\u00e9teleinek megfelel\u0151en.<\/p>\n<h4><\/h4>\n<p>6.7. Az \u00dcgyf\u00e9l garant\u00e1lja a felt\u00f6lt\u00f6tt adatokat \u00e9s felel\u0151ss\u00e9ggel tartozik a Port\u00e1l-on ny\u00fajtott szolg\u00e1ltat\u00e1s haszn\u00e1lat\u00e1nak m\u00f3dj\u00e1\u00e9rt \u00e9s c\u00e9lj\u00e1\u00e9rt valamint a fi\u00f3kj\u00e1hoz hozz\u00e1f\u00e9r\u0151 felhaszn\u00e1l\u00f3k rendszer\u00e9nek konfigur\u00e1l\u00e1s\u00e1\u00e9rt \u00e9s ezek viselked\u00e9s\u00e9\u00e9rt.<\/p>\n<h4><\/h4>\n<p>6.8. A felhaszn\u00e1l\u00f3kkal val\u00f3 kapcsolatban:<\/p>\n<h4><\/h4>\n<p>Az \u00dcgyf\u00e9l szabja meg, hogy kinek biztos\u00edt felhaszn\u00e1l\u00f3i jogot az \u00dcgyf\u00e9l birtok\u00e1ban lev\u0151\/ az \u00dcgyf\u00e9l \u00e1ltal a Platformra felt\u00f6lt\u00f6tt inform\u00e1ci\u00f3hoz, milyen szerep keret\u00e9ben \u00e9s milyen felhaszn\u00e1l\u00f3i hozz\u00e1f\u00e9rhet\u00e9si szinten.<\/p>\n<p>Az \u00dcgyf\u00e9l k\u00f6zvetlen\u00fcl felel\u0151s a felhaszn\u00e1l\u00f3 cselekedetei\u00e9rt, a Szolg\u00e1ltat\u00f3 \u00e1ltal a Platform-on ny\u00fajtott szolg\u00e1ltat\u00e1sok az \u00dcgyf\u00e9l nev\u00e9ben t\u00f6rt\u00e9n\u0151 felhaszn\u00e1l\u00e1sa sor\u00e1n;<\/p>\n<p>Az \u00dcgyf\u00e9l ellen\u0151rzi az egyes felhaszn\u00e1l\u00f3k hozz\u00e1f\u00e9r\u00e9si szintj\u00e9t a Szolg\u00e1ltat\u00f3 \u00e1ltal ny\u00fajtott szolg\u00e1ltat\u00e1sokhoz, t\u00f6r\u00f6lheti vagy korl\u00e1tozhatja b\u00e1rmikor a felhaszn\u00e1l\u00f3 hozz\u00e1f\u00e9r\u00e9si jog\u00e1t a Platform-on l\u00e9trehozott fi\u00f3khoz;<\/p>\n<p>Az \u00dcgyf\u00e9l \u00e9s a felhaszn\u00e1l\u00f3 k\u00f6z\u00f6tt felmer\u00fcl\u0151 b\u00e1rminem\u0171, a Platform \u00e1ltal ny\u00fajtott szolg\u00e1ltat\u00e1sokkal kapcsolatos konfliktus kiz\u00e1r\u00f3lag az \u00dcgyf\u00e9l \u00e1ltal rendezend\u0151; a Szolg\u00e1ltat\u00f3 nem \u00e9rintett sem a felmer\u00fcl\u0151 konfliktusokban, sem pedig ezek orvosl\u00e1s\u00e1nak folyamat\u00e1ban.<\/p>\n<p>6.10. A Szolg\u00e1ltat\u00f3 nem vonhat\u00f3 felel\u0151ss\u00e9gre, semmif\u00e9lek\u00e9ppen, abban az esetben ha az \u00dcgyf\u00e9l illeg\u00e1lis van erk\u00f6lcstelen c\u00e9lb\u00f3l haszn\u00e1lja az alkalmaz\u00e1sokat \u00e9s a ny\u00fajtott szolg\u00e1ltat\u00e1sokat.<\/p>\n<p>6.11. A Szolg\u00e1ltat\u00f3 nem felel\u0151s abban az esetben, ha az \u00dcgyf\u00e9l nev\u00e9ben a Platform-on\u00a0 fi\u00f3kot l\u00e9trehoz\u00f3 felhaszn\u00e1l\u00f3 erre nincs felhatalmazva az \u00dcgyf\u00e9l \u00e1ltal. A Szolg\u00e1ltat\u00f3 \u00e1ltal \u00edgy l\u00e9trehozott fi\u00f3kot az \u00dcgyf\u00e9l jogi k\u00e9pvisel\u0151j\u00e9nek \u00edr\u00e1sban beny\u00fajtott kifejezett k\u00e9r\u00e9s\u00e9re t\u00f6rli, amennyiben a jogi k\u00e9pvisel\u0151 ehhez egy a\u00a0 NKNyH \u00e1ltal kibocs\u00e1tott tan\u00fas\u00edtv\u00e1nyt csatol, amelyb\u0151l kit\u0171nik jogi k\u00e9pviselete a gazdas\u00e1gi egys\u00e9gnek, amely nev\u00e9ben a fi\u00f3kot a Platform-on regisztr\u00e1lt\u00e1k.<\/p>\n<h4><\/h4>\n<p>6.12. A Szolg\u00e1ltat\u00f3 mindent megtesz annak \u00e9rdek\u00e9ben, hogy a platform keret\u00e9ben ny\u00fajtott szolg\u00e1ltat\u00e1sokhoz a hozz\u00e1f\u00e9r\u00e9st \u00e1lland\u00f3 jelleggel biztos\u00edtsa \u00e9s a szolg\u00e1ltat\u00e1s el\u00e9r\u00e9s\u00e9t 99%-os ar\u00e1nyban garant\u00e1lja. A szolg\u00e1ltat\u00e1s hozz\u00e1f\u00e9r\u00e9si id\u0151tartama nem tartalmazza az e-mail-ben vagy a <a href=\"https:\/\/svt.ro\/t-sense\/hu\/\">TSense<\/a>\u00a0honlapon el\u0151re jelzett karbantart\u00e1si id\u0151szakokat, a be nem jelentett karbantart\u00e1si peri\u00f3dusok kiv\u00e9tel\u00e9vel.<\/p>\n<h4><\/h4>\n<p>6.13.Amennyiben az \u00dcgyf\u00e9l a fentiekben eml\u00edtett peri\u00f3dusn\u00e1l hosszabb id\u0151szakig nem tudott hozz\u00e1f\u00e9rni a szolg\u00e1ltat\u00e1shoz a Szolg\u00e1ltat\u00f3 hib\u00e1j\u00e1b\u00f3l, a b\u00e9rleti d\u00edj ar\u00e1nyos visszafizet\u00e9s\u00e9t ig\u00e9nyelheti arra az id\u0151szakra, amikor a szolg\u00e1ltat\u00e1s nem volt el\u00e9rhet\u0151.<\/p>\n<h4><\/h4>\n<p>6.14. A Szolg\u00e1ltat\u00f3 a felt\u00f6lt\u00e9s d\u00e1tum\u00e1t\u00f3l sz\u00e1m\u00edtott 5 (\u00f6t) \u00e9vig t\u00e1rolja az \u00dcgyf\u00e9l \u00e1ltal a rendszerbe felt\u00f6lt\u00f6tt adatokat. Ezen id\u0151szak lej\u00e1rt\u00e1val a Szolg\u00e1ltat\u00f3 t\u00f6rli az adatokat. Az \u00dcgyf\u00e9l kifejezett k\u00e9r\u00e9s\u00e9re, a Szolg\u00e1ltat\u00f3 k\u00f6teles a rendszerben t\u00e1rolt adatokat, a k\u00e9r\u00e9s k\u00f6zvet\u00edt\u00e9s\u00e9t\u0151l sz\u00e1m\u00edtott 5 napon bel\u00fcl, v\u00e9g\u00e9rv\u00e9nyesen t\u00f6r\u00f6lni.\u00a0 A rendszerbe felt\u00f6lt\u00f6tt k\u00e9panyagot 60 napig t\u00e1roljuk, ezut\u00e1n automatikusan t\u00f6r\u00f6lj\u00fck ezt.<\/p>\n<h4><\/h4>\n<p>6.15. Az adatb\u00e1zis ment\u00e9se az \u00dcgyf\u00e9l kiz\u00e1r\u00f3lagos k\u00f6teless\u00e9ge, ez ut\u00f3bbi b\u00e1rmikor export\u00e1lhatja \u00e9s mentheti az adatokat, a fi\u00f3kl\u00e9trehoz\u00e1s pillanata ut\u00e1n, ez\u00e9rt, az adatveszt\u00e9s ok\u00e1t\u00f3l f\u00fcggetlen\u00fcl, a Szolg\u00e1ltat\u00f3 mentes\u00fcl minden adatveszt\u00e9ssel j\u00e1r\u00f3 felel\u0151ss\u00e9g alul.<\/p>\n<h4><\/h4>\n<p>6.15. Amennyiben az \u00dcgyf\u00e9l 14 napt\u00e1ri napn\u00e1l t\u00f6bbet k\u00e9sik a b\u00e9rlet befizet\u00e9s\u00e9vel, a Platform-on tal\u00e1lhat\u00f3 fi\u00f3khoz val\u00f3 hozz\u00e1f\u00e9r\u00e9se felf\u00fcggeszt\u0151dik. Amennyiben a b\u00e9rlet fizet\u00e9s\u00e9nek lej\u00e1rati id\u0151pontj\u00e1t\u00f3l sz\u00e1m\u00edtott 30 napt\u00e1ri napon bel\u00fcl nem t\u00f6rt\u00e9nik befizet\u00e9s, az \u00dcgyf\u00e9l fi\u00f3kja t\u00f6rl\u0151dik a rendszerb\u0151l.<\/p>\n<h4><\/h4>\n<h4>VII. A FELEK JOGAI \u00c9S K\u00d6TELEZETTS\u00c9GEI<\/h4>\n<p>7.1. Az \u00dcgyf\u00e9l jogai \u00e9s k\u00f6telezetts\u00e9gei<\/p>\n<h4><\/h4>\n<p>\u2013 a Szolg\u00e1ltat\u00f3 \u00e1ltal a Platform-on kereszt\u00fcl a jelen szerz\u0151d\u00e9s felt\u00e9telei keret\u00e9ben ny\u00fajtott szolg\u00e1ltat\u00e1sok ellen\u00e9rt\u00e9k\u00e9nek befizet\u00e9se;<\/p>\n<p>\u2013 a fi\u00f3kj\u00e1ba felt\u00f6lt\u00f6tt adatok ir\u00e1nti felel\u0151ss\u00e9gv\u00e1llal\u00e1s, a saj\u00e1t fi\u00f3kja \u00e1ltal r\u00f6gz\u00edtett inform\u00e1ci\u00f3k helyess\u00e9g\u00e9nek, pontoss\u00e1g\u00e1nak \u00e9s s\u00e9rtetlens\u00e9g\u00e9nek garant\u00e1l\u00e1sa;<\/p>\n<p>\u2013 a saj\u00e1t fi\u00f3kj\u00e1ban tal\u00e1lhat\u00f3 bejelentkez\u00e9si adatok friss\u00edt\u00e9se;<\/p>\n<p>\u2013 a Szolg\u00e1ltat\u00f3 \u00e1ltal ny\u00fajtott szolg\u00e1ltat\u00e1sok haszn\u00e1lata sor\u00e1n, a harmadik feleknek sz\u00e1rmaz\u00f3 jogs\u00e9rt\u00e9sek ir\u00e1nti felel\u0151ss\u00e9gv\u00e1llal\u00e1s;<\/p>\n<p>\u2013 a Szolg\u00e1ltat\u00f3 \u00e1ltal ny\u00fajtott szolg\u00e1ltat\u00e1sok jogszer\u0171 haszn\u00e1lata;<\/p>\n<p>\u2013 a szerz\u0151i jog \u00e9s az \u00dcgyf\u00e9l \u00e1ltal saj\u00e1t vagy harmadik f\u00e9l nev\u00e9ben felt\u00f6lt\u00f6tt szem\u00e9lyes adatok v\u00e9delm\u00e9vel kapcsolatos jogi el\u0151\u00edr\u00e1sok betart\u00e1sa;<\/p>\n<p>\u2013 a Szolg\u00e1ltat\u00f3 \u00e1ltal ny\u00fajtott szolg\u00e1ltat\u00e1sok seg\u00edts\u00e9g\u00e9vel l\u00e9trehozott dokumentumok szerkeszt\u00e9s\u00e9vel, szem\u00e9lyre szab\u00e1s\u00e1val, kezel\u00e9s\u00e9vel, vezet\u00e9s\u00e9vel, pontoss\u00e1g\u00e1val \u00e9s joger\u0151ss\u00e9g\u00e9vel kapcsolatos teljes felel\u0151ss\u00e9gv\u00e1llal\u00e1s;<\/p>\n<p>\u2013 a Szolg\u00e1ltat\u00f3 k\u00e1rtalan\u00edt\u00e1sa b\u00e1rmely olyan k\u00e1rosod\u00e1s, k\u00f6lts\u00e9g vagy nyeres\u00e9gkorl\u00e1toz\u00e1s eset\u00e9ben, amely az \u00dcgyf\u00e9l \u00e1ltal elk\u00f6vetett csal\u00e1rd tev\u00e9kenys\u00e9gekb\u0151l sz\u00e1rmazik;<\/p>\n<p>\u2013 a Platform-on kereszt\u00fcl az \u00dcgyf\u00e9l \u00e9rv\u00e9nyes \u00e9s aktu\u00e1lis kapcsolat-felv\u00e9teli lehet\u0151s\u00e9geket kell biztos\u00edtson a Szolg\u00e1ltat\u00f3 \u00e1ltal ny\u00fajtott szolg\u00e1ltat\u00e1sok felhaszn\u00e1l\u00e1s\u00e1nak teljes id\u0151szaka alatt;<\/p>\n<p>\u2013 jog\u00e1ban \u00e1ll az \u00f6nmaga \u00e1ltal a Platformra felt\u00f6lt\u00f6tt \u00f6sszes inform\u00e1ci\u00f3 t\u00f6rl\u00e9s\u00e9t k\u00e9rni a Szolg\u00e1ltat\u00f3t\u00f3l;<\/p>\n<p>\u2013 lemondhat a Szolg\u00e1ltat\u00f3 \u00e1ltal ny\u00fajtott szolg\u00e1ltat\u00e1sok haszn\u00e1lat\u00e1r\u00f3l a m\u00e1r kifizetett b\u00e9rlet lej\u00e1rata ut\u00e1n;<\/p>\n<p>Az \u00dcgyf\u00e9l \u00f6nmaga felel\u0151s a fi\u00f3kj\u00e1ban l\u00e9tez\u0151 tartalom \u00f6sszess\u00e9g\u00e9\u00e9rt, vagy b\u00e1rmilyen t\u00f6rv\u00e9nys\u00e9rt\u00e9s\u00e9rt vagy harmadik f\u00e9lnek okozott jogs\u00e9rt\u00e9s\u00e9rt;<\/p>\n<p>7.2. A Szolg\u00e1ltat\u00f3 jogai \u00e9s k\u00f6telezetts\u00e9gei<\/p>\n<h4><\/h4>\n<p>\u2013 az \u00dcgyf\u00e9l hozz\u00e1f\u00e9r\u00e9s\u00e9t biztos\u00edtani a Platform-on kereszt\u00fcl ny\u00fajtott szolg\u00e1ltat\u00e1sokhoz;<\/p>\n<p>\u2013 az \u00dcgyf\u00e9l adatait t\u00f6r\u00f6lni a szerz\u0151d\u00e9sben megadott id\u0151n bel\u00fcl;<\/p>\n<p>\u2013 az \u00dcgyf\u00e9l fi\u00f3kj\u00e1nak \u00fajra-aktiv\u00e1l\u00e1sa az \u00fajabb b\u00e9rlet befizet\u00e9s\u00e9t\u0151l sz\u00e1m\u00edtott maximum 5 napon bel\u00fcl, amennyiben az \u00dcgyf\u00e9l hozz\u00e1f\u00e9r\u00e9s\u00e9t a szolg\u00e1ltat\u00e1shoz a b\u00e9rleti d\u00edj ki nem fizet\u00e9se miatt f\u00fcggesztette fel;<\/p>\n<p>\u2013 az \u00dcgyf\u00e9l k\u00e9r\u00e9s\u00e9re t\u00e1mogat\u00e1st vagy seg\u00edts\u00e9get biztos\u00edtani, a Szolg\u00e1ltat\u00f3 \u00e1ltal a Platform kereteiben ny\u00fajtott szolg\u00e1ltat\u00e1sok megfelel\u0151 haszn\u00e1lata c\u00e9lj\u00e1b\u00f3l, a teljes haszn\u00e1lati id\u0151szak alatt. Ezeket a szolg\u00e1ltat\u00e1sokat h\u00e9tf\u0151t\u0151l p\u00e9ntekig, <a href=\"https:\/\/svt.ro\/t-sense\/hu\/\">TSense<\/a> honlapon megjelen\u00edtett \u00e9s az \u00dcgyf\u00e9lnek e-mail c\u00edmre megk\u00fcld\u00f6tt munkaprogram alapj\u00e1n biztos\u00edtja a Szolg\u00e1ltat\u00f3;<\/p>\n<p>A Szolg\u00e1ltat\u00f3 jogosult a d\u00edjcsomagokat megv\u00e1ltoztatni, a jelen szerz\u0151d\u00e9s \u00e9rtelm\u00e9ben.<\/p>\n<p>A Szolg\u00e1ltat\u00f3 n\u00e9vtelen adatokat gy\u0171jthet az \u00dcgyfelek szolg\u00e1ltat\u00e1shaszn\u00e1lat\u00e1r\u00f3l \u00e9s k\u00f6zz\u00e9 teheti ezeket aggreg\u00e1lt form\u00e1ban;<\/p>\n<p>A Szolg\u00e1ltat\u00f3 az \u00dcgyf\u00e9l fi\u00f3kj\u00e1ban tal\u00e1lhat\u00f3 b\u00e1rmilyen inform\u00e1ci\u00f3t \u00e9s adatot megoszthat a vizsg\u00e1lati szervekkel, amennyiben egy erre felhatalmazott \u00e1llami int\u00e9zm\u00e9ny ezt indokolt k\u00e9r\u00e9sben ig\u00e9nyeli t\u0151le;<\/p>\n<p>A Szolg\u00e1ltat\u00f3 az \u00dcgyf\u00e9lnek k\u00fcldhet e-mailben marketing c\u00e9l\u00fa t\u00e1j\u00e9koztat\u00e1sokat a Platfom-ra vonatkoz\u00f3an, annak \u00e9rdek\u00e9ben, hogy az \u00dcgyfelet t\u00e1j\u00e9koztassa a Platform-on kereszt\u00fcl ny\u00fajtott szolg\u00e1ltat\u00e1sok friss\u00edt\u00e9s\u00e9r\u0151l vagy m\u00f3dos\u00edt\u00e1sair\u00f3l, valamint t\u00e1j\u00e9koztat\u00e1s c\u00e9lj\u00e1b\u00f3l a karbantart\u00e1si peri\u00f3dusokr\u00f3l, amelyek ideiglenes szolg\u00e1ltat\u00e1s-felf\u00fcggeszt\u00e9si id\u0151szakokat is jelenthetnek;<\/p>\n<h4>VIII. SZERZ\u0150D\u00c9SES FELEL\u0150SS\u00c9G<\/h4>\n<p>8.1. Az \u00dcgyf\u00e9l garant\u00e1lja a felt\u00f6lt\u00f6tt adatokat \u00e9s teljes felel\u0151ss\u00e9ggel tartozik a Szolg\u00e1ltat\u00f3 \u00e1ltal rendelkez\u00e9sre bocs\u00e1jtott szolg\u00e1ltat\u00e1sok felhaszn\u00e1l\u00e1s\u00e1nak m\u00f3dj\u00e1\u00e9rt \u00e9s c\u00e9lj\u00e1\u00e9rt, valamint a saj\u00e1t fi\u00f3kj\u00e1hoz hozz\u00e1f\u00e9r\u00e9ssel rendelkez\u0151 felhaszn\u00e1l\u00f3k rendszer\u00e9nek konfigur\u00e1l\u00e1s\u00e1\u00e9rt \u00e9s ezek viselked\u00e9s\u00e9\u00e9rt.<\/p>\n<h4><\/h4>\n<p>8.2. Az \u00dcgyf\u00e9l garant\u00e1lja a Szolg\u00e1ltat\u00f3 fel\u00e9 ny\u00fajtott inform\u00e1ci\u00f3t \u00e9s \u00d6nmaga felel\u0151s az inform\u00e1ci\u00f3 helyes \u00e9s teljes form\u00e1ban t\u00f6rt\u00e9n\u0151 megjelen\u00edt\u00e9s\u00e9\u00e9rt, valamint az inform\u00e1ci\u00f3 pontoss\u00e1g\u00e1nak meg\u0151rz\u00e9s\u00e9\u00e9rt \u00e9s ennek friss\u00edt\u00e9s\u00e9\u00e9rt.<\/p>\n<h4><\/h4>\n<p>8.3. A Szolg\u00e1ltat\u00f3 nem vonhat\u00f3 felel\u0151ss\u00e9gre amennyiben az \u00dcgyf\u00e9l illeg\u00e1lis van, erk\u00f6lcstelen c\u00e9lb\u00f3l haszn\u00e1lja az alkalmaz\u00e1sokat \u00e9s a ny\u00fajtott szolg\u00e1ltat\u00e1sokat.<\/p>\n<h4><\/h4>\n<p>8.4. Az \u00dcgyf\u00e9l egyet\u00e9rt azzal, hogy egyed\u00fcli felel\u0151s \u00e9s k\u00e1rtalan\u00edtja a Szolg\u00e1ltat\u00f3t b\u00e1rmilyen k\u00e1r, k\u00f6lts\u00e9g vagy nyeres\u00e9g korl\u00e1toz\u00e1s eset\u00e9ben, amely az \u00dcgyf\u00e9l \u00e1ltal elk\u00f6vetett csal\u00e1rd tev\u00e9kenys\u00e9gekb\u0151l sz\u00e1rmazik.<\/p>\n<h4><\/h4>\n<p>8.5. A Szolg\u00e1ltat\u00f3 nem v\u00e1llal felel\u0151ss\u00e9get semmilyen esetben, semmilyen k\u00e1r\u00e9rt vagy t\u00e9ved\u00e9s\u00e9rt, amely k\u00f6zvetlen vagy k\u00f6zvetett m\u00f3don j\u00f6tt l\u00e9tre, semmilyen k\u00f6zvetlen vagy k\u00f6zvetett nyeres\u00e9gveszt\u00e9s\u00e9rt (ide\u00e9rtve t\u00f6bbek k\u00f6z\u00f6tt a nyeres\u00e9gveszt\u00e9sb\u0151l sz\u00e1rmaz\u00f3 k\u00e1rt, bizonyos v\u00e1llalkoz\u00e1sok megsz\u00fcntet\u00e9s\u00e9t vagy m\u00e1s anyagi k\u00e1rokat), amelyek a szolg\u00e1ltat\u00e1s felhaszn\u00e1l\u00e1s\u00e1nak, a felhaszn\u00e1l\u00e1s megsz\u00fcntet\u00e9s\u00e9nek vagy az inform\u00e1ci\u00f3 \u00e9s a ny\u00fajtott szolg\u00e1ltat\u00e1s rendszertelens\u00e9g\u00e9nek tulajdon\u00edthat\u00f3.<\/p>\n<h4><\/h4>\n<p>8.6. A Szolg\u00e1ltat\u00f3 nem garant\u00e1lja a weboldal \u00e1ltal ny\u00fajtott szolg\u00e1ltat\u00e1sok vagy inform\u00e1ci\u00f3k pontoss\u00e1g\u00e1t, helyess\u00e9g\u00e9t vagy aktualit\u00e1s\u00e1t.<\/p>\n<h4><\/h4>\n<h4>IX. A SZERZ\u0150D\u00c9S MEGSZ\u00dcN\u00c9SE<\/h4>\n<p>9.1. A jelen szerz\u0151d\u00e9s megsz\u00fcntethet\u0151 a felek megegyez\u00e9s\u00e9vel vagy egyoldal\u00fa megsz\u00fcntet\u00e9ssel.\u00a0 Amennyiben az \u00dcgyf\u00e9l vissza\u00e9l\u00e9sszer\u0171en haszn\u00e1lja a fi\u00f3kot illeg\u00e1lis vagy erk\u00f6lcstelen c\u00e9lokra, a Szolg\u00e1ltat\u00f3 azonnali hat\u00e1llyal megsz\u00fcntetheti a jelen szerz\u0151d\u00e9st \u00e9s letilthatja az \u00dcgyf\u00e9l csatlakoz\u00e1s\u00e1t a Platform-on regisztr\u00e1lt fi\u00f3khoz.<\/p>\n<h4><\/h4>\n<p>9.2. Amennyiben b\u00e1rmely f\u00e9l nem tartja be a jelen szerz\u0151d\u00e9s kereteiben meg\u00e1llapodott k\u00f6teless\u00e9geit, a szerz\u0151d\u00e9s, minden formas\u00e1g (t\u00e1j\u00e9koztat\u00e1s, perbeh\u00edv\u00e1s) n\u00e9lk\u00fcl, jogszer\u0171en megsz\u0171nik \u2013 biztons\u00e1gi paktum<\/p>\n<h4><\/h4>\n<p>9.5. A jelen szerz\u0151d\u00e9s megsz\u00fcntet\u00e9se nem \u00e9rv\u00e9nyes a szerz\u0151d\u0151 felek k\u00f6zt el\u0151z\u0151leg l\u00e9trej\u00f6tt k\u00f6teless\u00e9gekre.<\/p>\n<h4><\/h4>\n<h4>X. ADATV\u00c9DELEM<\/h4>\n<p>10.1. Az \u00dcgyf\u00e9l a Platform-on\u00a0 kereszt\u00fcl a Szolg\u00e1ltat\u00f3 \u00e1ltal ny\u00fajtott szolg\u00e1ltat\u00e1sokhoz egy biztons\u00e1gos protokol-on kereszt\u00fcl f\u00e9rhet hozz\u00e1, \u00f6nmaga \u00e1ltal meg\u00e1llap\u00edtott felhaszn\u00e1l\u00f3i n\u00e9vvel \u00e9s jelsz\u00f3val. A platformra felt\u00f6lt\u00f6tt adatokat \u00e9s inform\u00e1ci\u00f3kat a Szolg\u00e1ltat\u00f3 saj\u00e1t vagy b\u00e9relt \u201ecloud\u201d szerverre menti \u00e9s azon t\u00e1rolja.<\/p>\n<h4><\/h4>\n<p>10.2. Az \u00dcgyf\u00e9l vagy a Felhaszn\u00e1l\u00f3 szigor\u00faan \u00e9s k\u00f6zvetlen\u00fcl felel a saj\u00e1t Platformhoz val\u00f3 kapcsol\u00f3d\u00e1si adatainak (felhaszn\u00e1l\u00f3i n\u00e9v, jelsz\u00f3) v\u00e9delm\u00e9r\u0151l \u00e9s biztons\u00e1gos t\u00e1rol\u00e1s\u00e1r\u00f3l.<\/p>\n<h4><\/h4>\n<p>10.3. A Szolg\u00e1ltat\u00f3 nem v\u00e1llal felel\u0151ss\u00e9get abban az esetben, ha az \u00dcgyf\u00e9l elveszti bejelentkez\u00e9si adatait (felhaszn\u00e1l\u00f3i n\u00e9v, jelsz\u00f3) vagy olyan tev\u00e9kenys\u00e9gek eset\u00e9ben, amelyek az \u00dcgyf\u00e9l fi\u00f3kj\u00e1t kompromitt\u00e1lhatj\u00e1k.<\/p>\n<h4><\/h4>\n<p>10.4. Az \u00dcgyf\u00e9l vagy a felhaszn\u00e1l\u00f3 azonnal t\u00e1j\u00e9koztatja a Szolg\u00e1ltat\u00f3t amennyiben a fi\u00f3kj\u00e1nak megfelel\u0151telen vagy jogtalan haszn\u00e1lat\u00e1t \u00e9szleli \u00e9s a bejelentkez\u00e9si adatok m\u00f3dos\u00edt\u00e1s\u00e1t k\u00e9ri.<\/p>\n<h4><\/h4>\n<p>10.5. Amennyiben a Szolg\u00e1ltat\u00f3 az \u00dcgyf\u00e9l \u00e1ltali vagy az \u00dcgyf\u00e9l nev\u00e9ben a <a href=\"https:\/\/svt.ro\/t-sense\/hu\/\">TSense<\/a>\u00a0Platform-on t\u00f6rt\u00e9n\u0151 lehets\u00e9gesen illeg\u00e1lis aktivit\u00e1sokra vonatkoz\u00f3 bejelent\u00e9st kap, ennek felhaszn\u00e1l\u00f3i fi\u00f3kj\u00e1t felf\u00fcggesztheti vagy az ehhez val\u00f3 hozz\u00e1f\u00e9rhet\u00e9st megsz\u00fcntetheti.<\/p>\n<h4><\/h4>\n<p>10.6. A Szolg\u00e1ltat\u00f3 nem k\u00e9pes az \u00dcgyf\u00e9l \u00e1ltal a Pltaform-on kereszt\u00fcl k\u00f6zvet\u00edtett adatok 100%-os biztons\u00e1g\u00e1t garant\u00e1lni. A Szolg\u00e1ltat\u00f3 viszont minden \u00e9sszer\u0171t megtesz annak \u00e9rdek\u00e9ben, hogy az \u00dcgyf\u00e9lt\u0151l kapott \u00e9s a fi\u00f3kba felt\u00f6lt\u00f6tt adatok v\u00e9delm\u00e9t biztos\u00edtsa.<\/p>\n<h4><\/h4>\n<p>10.7. A Szolg\u00e1ltat\u00f3 nem k\u00e9r soha az \u00dcgyf\u00e9lt\u0151l semmilyen form\u00e1ban v\u00e9dett szem\u00e9lyes adatokat, ide\u00e9rtve t\u00f6bbek k\u00f6zt a jelszavakat, bankk\u00e1rtya adatokat, PIN- k\u00f3dokat \u00e9s m\u00e1s hasonl\u00f3 inform\u00e1ci\u00f3kat.<\/p>\n<h4><\/h4>\n<p>10.8. A jogtalan \u00e9s vissza\u00e9l\u00e9sszer\u0171 hozz\u00e1f\u00e9r\u00e9s a Platform-on\u00a0 a Szolg\u00e1ltat\u00f3 vagy az \u00dcgyf\u00e9l nev\u00e9ben t\u00e1rolt adatokhoz, m\u00e1s, a Szolg\u00e1ltat\u00f3 vagy az \u00dcgyf\u00e9l \u00e1ltal nem enged\u00e9lyezett szem\u00e9lyek \u00e1ltal a sz\u00e1m\u00edt\u00f3g\u00e9pes rendszerhez val\u00f3 jog n\u00e9lk\u00fcli hozz\u00e1f\u00e9r\u00e9s b\u0171ncselekm\u00e9ny\u00e9t k\u00e9pviseli, \u00e9s a hat\u00e1lyos rom\u00e1n jogszab\u00e1lyok szerint b\u00fcntetett.<\/p>\n<h4><\/h4>\n<p>10.9. A Szolg\u00e1ltat\u00f3 nem figyeli, \u00e9s nem rendelkezik ellen\u0151rz\u00e9si joggal az \u00dcgyf\u00e9l adataival \u00e9s dokumentumaival kapcsolatosan.<\/p>\n<h4><\/h4>\n<h4>VIS MAIOR\/ K\u00e9nyszer\u00edt\u0151 k\u00f6r\u00fclm\u00e9ny<\/h4>\n<p>11.1. A vis maior mentes\u00edti a feleket, abban az esetben, ha a szerz\u0151d\u00e9sben v\u00e1llalt k\u00f6telezetts\u00e9geket r\u00e9szlegesen vagy teljesen k\u00e9ptelenek teljes\u00edteni. Vis maior\/ K\u00e9nyszer\u00edt\u0151 k\u00f6r\u00fclm\u00e9nynek nevezik azt, a felek akarat\u00e1t\u00f3l f\u00fcggetlen, kisz\u00e1m\u00edthatatlan \u00e9s \u00e1thidalhatatlan esem\u00e9nyt, amely a szerz\u0151d\u00e9sk\u00f6t\u00e9s ut\u00e1n jelentkezik, \u00e9s amely r\u00e9szben vagy eg\u00e9szben megakad\u00e1lyozza a feleket a v\u00e1llalt k\u00f6telezetts\u00e9gek v\u00e9grehajt\u00e1s\u00e1ban.<\/p>\n<h4><\/h4>\n<p>11.2. A vis maiorra hivatkoz\u00f3 f\u00e9l ezt k\u00f6teles a m\u00e1sik f\u00e9l tudom\u00e1s\u00e1ra hozni, \u00edr\u00e1sban, legt\u00f6bb 5 napon bel\u00fcl a vis maior felmer\u00fcl\u00e9s\u00e9nek az id\u0151pontj\u00e1t\u00f3l.<\/p>\n<h4><\/h4>\n<p>11.3. A vis maiorra hivatkoz\u00f3 f\u00e9l ennek ok\u00e1nak megsz\u0171n\u00e9s\u00e9t a megsz\u0171n\u00e9st\u0151l sz\u00e1m\u00edtott maximum 15 napon kell a m\u00e1sik f\u00e9l tudom\u00e1s\u00e1ra hozza.<\/p>\n<h4><\/h4>\n<p>11.4. Amennyiben ezek a k\u00f6r\u00fclm\u00e9nyek \u00e9s az erre vonatkoz\u00f3 k\u00f6vetkezm\u00e9nyek t\u00f6bb mint 2 h\u00f3napig tartanak, b\u00e1rmelyik f\u00e9l lemondhat a szerz\u0151d\u00e9s tov\u00e1bbi v\u00e9grehajt\u00e1s\u00e1r\u00f3l. Ebben az esetben, egyetlen f\u00e9lnek sem \u00e1ll jog\u00e1ban k\u00e1rt\u00e9r\u00edt\u00e9st k\u00e9rni a m\u00e1sik f\u00e9lt\u0151l, viszont mindk\u00e9t f\u00e9lnek teljes\u00edtenie kell az eddig tart\u00f3 minden k\u00f6telezetts\u00e9get.<\/p>\n<h4><\/h4>\n<h4>XII. SZEM\u00c9LYES ADATOK<\/h4>\n<p>12.1. A Szolg\u00e1ltat\u00f3 tiszteletben tartja a szem\u00e9lyes \u00e9lethez val\u00f3 jogot. Ugyanakkor, a Szolg\u00e1ltat\u00f3 betartja a szem\u00e9lyes adatok v\u00e9delm\u00e9re vonatkoz\u00f3 \u00e9rv\u00e9nyben l\u00e9v\u0151 rom\u00e1n t\u00f6rv\u00e9nyt.<\/p>\n<h4><\/h4>\n<p>12.2. A Szolg\u00e1ltat\u00f3 NEM RENDELKEZIK HOZZ\u00c1F\u00c9RHET\u00c9SSEL az \u00dcgyf\u00e9l \u00e1ltal, a fi\u00f3knak megfelel\u0151 adatb\u00e1zisba felt\u00f6lt\u00f6tt adatokhoz, mivel ezek titkos\u00edtottak. Ez\u00e9rt, a Szolg\u00e1ltat\u00f3 nem rendelkezik hozz\u00e1f\u00e9r\u00e9ssel \u00e9s nem tudja let\u00f6lteni az \u00dcgyf\u00e9l \u00e1ltal a \u201ecloud\u201d fi\u00f3kba felt\u00f6lt\u00f6tt adatokat.<\/p>\n<h4><\/h4>\n<p>12.3. A Szolg\u00e1ltat\u00f3 nem gy\u0171jt semmilyen olyan jelleg\u0171 inform\u00e1ci\u00f3t, amely enged\u00e9lyezn\u00e9 a fizikai szem\u00e9ly azonos\u00edt\u00e1s\u00e1t (p\u00e9ld\u00e1ul: n\u00e9v, c\u00edm, telefonsz\u00e1m, e-mail c\u00edm), kiv\u00e9ve, ha a felhaszn\u00e1l\u00f3k ezeket \u00f6nk\u00e9ntesen osztj\u00e1k meg. Az \u00f6nk\u00e9ntes inform\u00e1ci\u00f3 megad\u00e1sa a felhaszn\u00e1l\u00f3 kifejezett \u00e9s f\u00e9lre\u00e9rthetetlen hozz\u00e1j\u00e1rul\u00e1s\u00e1t jelenti a saj\u00e1t szem\u00e9lyes adatainak a Szolg\u00e1ltat\u00f3 \u00e1ltal, a jelen szerz\u0151d\u00e9s felt\u00e9telei k\u00f6zti felhaszn\u00e1l\u00e1s\u00e1hoz.<\/p>\n<h4><\/h4>\n<p>12.4. Amennyiben a felhaszn\u00e1l\u00f3 nem egyezik bele szem\u00e9lyes adatainak a felhaszn\u00e1l\u00e1s\u00e1ba, nem k\u00f6teles szem\u00e9lyes adatokat megadni. Amennyiben a felhaszn\u00e1l\u00f3 m\u00e1r k\u00f6z\u00f6lte szem\u00e9lyes adatait \u00e9s szeretn\u00e9 \u0151ket visszavonni a Szolg\u00e1ltat\u00f3 adatb\u00e1zis\u00e1b\u00f3l, b\u00e1rmikor k\u00e9rheti ezt (k\u00f6zvetlen\u00fcl vagy jogi k\u00e9pvisel\u0151j\u00e9n kereszt\u00fcl, esett\u0151l f\u00fcgg\u0151en) a dpo@svt.ro c\u00edmre k\u00fcld\u00f6tt k\u00e9r\u00e9s \u00fatj\u00e1n.<\/p>\n<h4><\/h4>\n<p>12.5. Amikor a honlap felhaszn\u00e1l\u00f3ja szem\u00e9lyes adatokat ad meg, a Szolg\u00e1ltat\u00f3 a k\u00f6vetkez\u0151 el\u0151re bejelentett c\u00e9lokb\u00f3l haszn\u00e1lhatja fel ezeket, amennyiben m\u00e1s c\u00e9lok nincsenek pontos\u00edtva:<\/p>\n<h4><\/h4>\n<p>\u2013 a szem\u00e9lyes adatok t\u00e1rol\u00e1sa \u00e9s feldolgoz\u00e1sa annak \u00e9rdek\u00e9ben, hogy a felhaszn\u00e1l\u00f3k sz\u00fcks\u00e9gleteit min\u00e9l jobban meg\u00e9rtse \u00e9s az ezekkel val\u00f3 kommunik\u00e1l\u00e1st jav\u00edtsa;<\/p>\n<p>\u2013 a felhaszn\u00e1l\u00f3val t\u00f6rt\u00e9n\u0151 kapcsolatfelv\u00e9tel lehet\u0151v\u00e9 t\u00e9tel\u00e9re, a felhaszn\u00e1l\u00f3 felkeres\u00e9s\u00e9re t\u00f6rt\u00e9n\u0151 v\u00e1laszad\u00e1s c\u00e9lj\u00e1b\u00f3l;<\/p>\n<p>12.6. A Szolg\u00e1ltat\u00f3 meg\u0151rzi a felszolg\u00e1l\u00f3 szem\u00e9lyes adatainak biztons\u00e1g\u00e1t, j\u00f3hiszem\u0171en dolgozza fel azokat \u00e9s a jogosult harmadik felek sz\u00e1m\u00e1ra csak az \u00e9rv\u00e9nyben lev\u0151 rom\u00e1n t\u00f6rv\u00e9ny alapj\u00e1n enged\u00e9lyezi a hozz\u00e1f\u00e9r\u00e9st.<\/p>\n<h4><\/h4>\n<p>12.7. A <a href=\"https:\/\/svt.ro\/t-sense\/hu\/\">TSense<\/a> honlap felhaszn\u00e1l\u00f3i r\u00e9sz\u00e9re garant\u00e1ltak az \u00e9rv\u00e9nyben lev\u0151 rom\u00e1n t\u00f6rv\u00e9ny \u00e1ltal el\u0151\u00edrt jogok, bele\u00e9rtve t\u00f6bbek k\u00f6zt az adatokhoz val\u00f3 hozz\u00e1f\u00e9r\u00e9s jog\u00e1t, az adatok feldolgoz\u00e1s\u00e1nak ellenz\u00e9si jog\u00e1t, az adatok m\u00f3dos\u00edt\u00e1s\u00e1nak a jog\u00e1t stb.<\/p>\n<h4><\/h4>\n<p>12.8. Bizonyos esetekben, a Szolg\u00e1ltat\u00f3 automatikus m\u00f3don (teh\u00e1t nem \u00f6nk\u00e9ntes megad\u00e1s eredm\u00e9nyek\u00e9nt) gy\u0171jthet technikai jelleg\u0171 \u00e9s nem pedig felhaszn\u00e1l\u00f3t azonos\u00edt\u00f3 inform\u00e1ci\u00f3t (amely ut\u00f3bbi meg\u0151rzi n\u00e9vtelens\u00e9g\u00e9t). Ez a technikai jelleg\u0171 inform\u00e1ci\u00f3 vonatkozhat, t\u00f6bbek k\u00f6zt, az internetes b\u00f6ng\u00e9sz\u0151 t\u00edpus\u00e1ra, az oper\u00e1ci\u00f3s rendszerre, a domain n\u00e9vre vagy a domain gazd\u00e1ra, amelyr\u0151l a felhaszn\u00e1l\u00f3 a jelen honlapra \u00e9rt stb.<\/p>\n","protected":false},"excerpt":{"rendered":"<p>I. SZERZ\u0150D\u0150 FELEK 1.1. A Maros megyei b\u00edr\u00f3s\u00e1ghoz csatolt Kereskedelmi Nyilv\u00e1ntart\u00e1si Hivataln\u00e1l a J26\/1053\/2006 alatt RO18813138-as Egy\u00e9ni Regisztr\u00e1ci\u00f3s K\u00f3ddal jegyzett Cloud Monitoring Services Kft., marosv\u00e1s\u00e1rhelyi sz\u00e9khellyel, a Remete utca 110\/bis\u2026<\/p>\n","protected":false},"author":1,"featured_media":0,"parent":160,"menu_order":0,"comment_status":"closed","ping_status":"closed","template":"","meta":[],"acf":[],"yoast_head":"<!-- This site is optimized with the Yoast SEO plugin v19.6.1 - https:\/\/yoast.com\/wordpress\/plugins\/seo\/ -->\n<title>Felhaszn\u00e1l\u00e1si felt\u00e9telek - TSense<\/title>\n<meta name=\"robots\" content=\"noindex, follow, max-snippet:-1, max-image-preview:large, max-video-preview:-1\" \/>\n<meta property=\"og:locale\" content=\"en_US\" \/>\n<meta property=\"og:type\" content=\"article\" \/>\n<meta property=\"og:title\" content=\"Felhaszn\u00e1l\u00e1si felt\u00e9telek - TSense\" \/>\n<meta property=\"og:description\" content=\"I. SZERZ\u0150D\u0150 FELEK 1.1. A Maros megyei b\u00edr\u00f3s\u00e1ghoz csatolt Kereskedelmi Nyilv\u00e1ntart\u00e1si Hivataln\u00e1l a J26\/1053\/2006 alatt RO18813138-as Egy\u00e9ni Regisztr\u00e1ci\u00f3s K\u00f3ddal jegyzett Cloud Monitoring Services Kft., marosv\u00e1s\u00e1rhelyi sz\u00e9khellyel, a Remete utca 110\/bis\u2026\" \/>\n<meta property=\"og:url\" content=\"https:\/\/svt.ro\/t-sense\/hu\/felhasznalasi-feltetelek\/\" \/>\n<meta property=\"og:site_name\" content=\"TSense\" \/>\n<meta property=\"article:modified_time\" content=\"2021-10-08T13:22:52+00:00\" \/>\n<meta name=\"twitter:card\" content=\"summary_large_image\" \/>\n<meta name=\"twitter:label1\" content=\"Est. reading time\" \/>\n\t<meta name=\"twitter:data1\" content=\"13 minutes\" \/>\n<script type=\"application\/ld+json\" class=\"yoast-schema-graph\">{\"@context\":\"https:\/\/schema.org\",\"@graph\":[{\"@type\":\"WebPage\",\"@id\":\"https:\/\/svt.ro\/t-sense\/hu\/felhasznalasi-feltetelek\/\",\"url\":\"https:\/\/svt.ro\/t-sense\/hu\/felhasznalasi-feltetelek\/\",\"name\":\"Felhaszn\u00e1l\u00e1si felt\u00e9telek - TSense\",\"isPartOf\":{\"@id\":\"https:\/\/svt.ro\/t-sense\/#website\"},\"datePublished\":\"2021-10-07T10:53:19+00:00\",\"dateModified\":\"2021-10-08T13:22:52+00:00\",\"breadcrumb\":{\"@id\":\"https:\/\/svt.ro\/t-sense\/hu\/felhasznalasi-feltetelek\/#breadcrumb\"},\"inLanguage\":\"en-US\",\"potentialAction\":[{\"@type\":\"ReadAction\",\"target\":[\"https:\/\/svt.ro\/t-sense\/hu\/felhasznalasi-feltetelek\/\"]}]},{\"@type\":\"BreadcrumbList\",\"@id\":\"https:\/\/svt.ro\/t-sense\/hu\/felhasznalasi-feltetelek\/#breadcrumb\",\"itemListElement\":[{\"@type\":\"ListItem\",\"position\":1,\"name\":\"Home\",\"item\":\"https:\/\/svt.ro\/t-sense\/\"},{\"@type\":\"ListItem\",\"position\":2,\"name\":\"F\u0151oldal\",\"item\":\"https:\/\/svt.ro\/t-sense\/hu\/\"},{\"@type\":\"ListItem\",\"position\":3,\"name\":\"Felhaszn\u00e1l\u00e1si felt\u00e9telek\"}]},{\"@type\":\"WebSite\",\"@id\":\"https:\/\/svt.ro\/t-sense\/#website\",\"url\":\"https:\/\/svt.ro\/t-sense\/\",\"name\":\"TSense\",\"description\":\"\",\"potentialAction\":[{\"@type\":\"SearchAction\",\"target\":{\"@type\":\"EntryPoint\",\"urlTemplate\":\"https:\/\/svt.ro\/t-sense\/?s={search_term_string}\"},\"query-input\":\"required name=search_term_string\"}],\"inLanguage\":\"en-US\"}]}<\/script>\n<!-- \/ Yoast SEO plugin. -->","yoast_head_json":{"title":"Felhaszn\u00e1l\u00e1si felt\u00e9telek - TSense","robots":{"index":"noindex","follow":"follow","max-snippet":"max-snippet:-1","max-image-preview":"max-image-preview:large","max-video-preview":"max-video-preview:-1"},"og_locale":"en_US","og_type":"article","og_title":"Felhaszn\u00e1l\u00e1si felt\u00e9telek - TSense","og_description":"I. SZERZ\u0150D\u0150 FELEK 1.1. A Maros megyei b\u00edr\u00f3s\u00e1ghoz csatolt Kereskedelmi Nyilv\u00e1ntart\u00e1si Hivataln\u00e1l a J26\/1053\/2006 alatt RO18813138-as Egy\u00e9ni Regisztr\u00e1ci\u00f3s K\u00f3ddal jegyzett Cloud Monitoring Services Kft., marosv\u00e1s\u00e1rhelyi sz\u00e9khellyel, a Remete utca 110\/bis\u2026","og_url":"https:\/\/svt.ro\/t-sense\/hu\/felhasznalasi-feltetelek\/","og_site_name":"TSense","article_modified_time":"2021-10-08T13:22:52+00:00","twitter_card":"summary_large_image","twitter_misc":{"Est. reading time":"13 minutes"},"schema":{"@context":"https:\/\/schema.org","@graph":[{"@type":"WebPage","@id":"https:\/\/svt.ro\/t-sense\/hu\/felhasznalasi-feltetelek\/","url":"https:\/\/svt.ro\/t-sense\/hu\/felhasznalasi-feltetelek\/","name":"Felhaszn\u00e1l\u00e1si felt\u00e9telek - TSense","isPartOf":{"@id":"https:\/\/svt.ro\/t-sense\/#website"},"datePublished":"2021-10-07T10:53:19+00:00","dateModified":"2021-10-08T13:22:52+00:00","breadcrumb":{"@id":"https:\/\/svt.ro\/t-sense\/hu\/felhasznalasi-feltetelek\/#breadcrumb"},"inLanguage":"en-US","potentialAction":[{"@type":"ReadAction","target":["https:\/\/svt.ro\/t-sense\/hu\/felhasznalasi-feltetelek\/"]}]},{"@type":"BreadcrumbList","@id":"https:\/\/svt.ro\/t-sense\/hu\/felhasznalasi-feltetelek\/#breadcrumb","itemListElement":[{"@type":"ListItem","position":1,"name":"Home","item":"https:\/\/svt.ro\/t-sense\/"},{"@type":"ListItem","position":2,"name":"F\u0151oldal","item":"https:\/\/svt.ro\/t-sense\/hu\/"},{"@type":"ListItem","position":3,"name":"Felhaszn\u00e1l\u00e1si felt\u00e9telek"}]},{"@type":"WebSite","@id":"https:\/\/svt.ro\/t-sense\/#website","url":"https:\/\/svt.ro\/t-sense\/","name":"TSense","description":"","potentialAction":[{"@type":"SearchAction","target":{"@type":"EntryPoint","urlTemplate":"https:\/\/svt.ro\/t-sense\/?s={search_term_string}"},"query-input":"required name=search_term_string"}],"inLanguage":"en-US"}]}},"_links":{"self":[{"href":"https:\/\/svt.ro\/t-sense\/wp-json\/wp\/v2\/pages\/149"}],"collection":[{"href":"https:\/\/svt.ro\/t-sense\/wp-json\/wp\/v2\/pages"}],"about":[{"href":"https:\/\/svt.ro\/t-sense\/wp-json\/wp\/v2\/types\/page"}],"author":[{"embeddable":true,"href":"https:\/\/svt.ro\/t-sense\/wp-json\/wp\/v2\/users\/1"}],"replies":[{"embeddable":true,"href":"https:\/\/svt.ro\/t-sense\/wp-json\/wp\/v2\/comments?post=149"}],"version-history":[{"count":4,"href":"https:\/\/svt.ro\/t-sense\/wp-json\/wp\/v2\/pages\/149\/revisions"}],"predecessor-version":[{"id":261,"href":"https:\/\/svt.ro\/t-sense\/wp-json\/wp\/v2\/pages\/149\/revisions\/261"}],"up":[{"embeddable":true,"href":"https:\/\/svt.ro\/t-sense\/wp-json\/wp\/v2\/pages\/160"}],"wp:attachment":[{"href":"https:\/\/svt.ro\/t-sense\/wp-json\/wp\/v2\/media?parent=149"}],"curies":[{"name":"wp","href":"https:\/\/api.w.org\/{rel}","templated":true}]}}